{"id":613,"date":"2018-10-16T16:00:07","date_gmt":"2018-10-16T14:00:07","guid":{"rendered":"http:\/\/www.kathrinhoeckel.com\/abenteuer\/"},"modified":"2025-06-26T02:14:16","modified_gmt":"2025-06-26T00:14:16","slug":"aventure","status":"publish","type":"page","link":"https:\/\/www.kathrinhoeckel.com\/fr\/aventure\/","title":{"rendered":"Aventure"},"content":{"rendered":"<p>[vc_row css_animation=\u00a0\u00bb\u00a0\u00bb row_type=\u00a0\u00bbrow\u00a0\u00bb use_row_as_full_screen_section=\u00a0\u00bbno\u00a0\u00bb type=\u00a0\u00bbfull_width\u00a0\u00bb angled_section=\u00a0\u00bbno\u00a0\u00bb text_align=\u00a0\u00bbleft\u00a0\u00bb background_image_as_pattern=\u00a0\u00bbwithout_pattern\u00a0\u00bb z_index=\u00a0\u00bb\u00a0\u00bb el_class=\u00a0\u00bbmargintop100px\u00a0\u00bb][vc_column][vc_column_text]<\/p>\n<h2 style=\"text-align: center;\">Ma formation continue personnelle<\/h2>\n<p>[\/vc_column_text][vc_empty_space height=\u00a0\u00bb25px\u00a0\u00bb][vc_column_text]<\/p>\n<p style=\"text-align: center;\">Vivre des situations intenses et r\u00e9fl\u00e9chir l\u00e0-dessus &#8211; c\u2019est mon approche personnelle de formation continue. Le sport dans des conditions extr\u00eames, les voyages et les aventures, passer des mois seule sur la route sans plan sp\u00e9cifique mais avec un objectif tr\u00e8s clair me fournit des exp\u00e9riences d&rsquo;apprentissage ultimes.<\/p>\n<p>[\/vc_column_text][\/vc_column][\/vc_row][vc_row css_animation=\u00a0\u00bb\u00a0\u00bb row_type=\u00a0\u00bbrow\u00a0\u00bb use_row_as_full_screen_section=\u00a0\u00bbno\u00a0\u00bb type=\u00a0\u00bbfull_width\u00a0\u00bb angled_section=\u00a0\u00bbno\u00a0\u00bb text_align=\u00a0\u00bbleft\u00a0\u00bb background_image_as_pattern=\u00a0\u00bbwithout_pattern\u00a0\u00bb css=\u00a0\u00bb.vc_custom_1666297055965{margin-top: 25px !important;margin-bottom: 25px !important;}\u00a0\u00bb z_index=\u00a0\u00bb\u00a0\u00bb][vc_column width=\u00a0\u00bb1\/6&Prime;][\/vc_column][vc_column width=\u00a0\u00bb2\/3&Prime;]<div class='q_team'><div class='q_team_inner'><div class='q_team_image'><img itemprop='image' src='https:\/\/www.kathrinhoeckel.com\/wp-content\/uploads\/2020\/06\/Kathrin_Hoeckel_Adventure_Les_Cavalie\u0300res_du_Caucase.jpg' alt='Kathrin_Hoeckel_Adventure_Les_Cavalie\u0300res_du_Caucase' \/><\/div><div class='q_team_text' ><div class='q_team_text_inner'><div class='q_team_title_holder'><h3 class='q_team_name' style = ''><\/h3><\/div><\/div><div class='q_team_social_holder'><\/div><\/div><\/div><\/div>[vc_column_text]<\/p>\n<p style=\"text-align: center;\"><a href=\"https:\/\/shows.acast.com\/les-baladeurs-1\/episodes\/5ed660ec6026c06a84c0240e\" target=\"_blank\" rel=\"noopener noreferrer\">Podcast \u00a0\u00bbLes Cavali\u00e8res du Caucase\u00a0\u00bb sign\u00e9 Camille Juzeau<\/a><\/p>\n<p>&nbsp;<\/p>\n<!--[if lt IE 9]><script>document.createElement('audio');<\/script><![endif]-->\n<audio class=\"wp-audio-shortcode\" id=\"audio-613-1\" preload=\"none\" style=\"width: 100%;\" controls=\"controls\"><source type=\"audio\/mpeg\" src=\"https:\/\/www.kathrinhoeckel.com\/wp-content\/uploads\/2020\/06\/S3E2_Kathrin_et_Tessa_Def.mp3?_=1\" \/><a href=\"https:\/\/www.kathrinhoeckel.com\/wp-content\/uploads\/2020\/06\/S3E2_Kathrin_et_Tessa_Def.mp3\">https:\/\/www.kathrinhoeckel.com\/wp-content\/uploads\/2020\/06\/S3E2_Kathrin_et_Tessa_Def.mp3<\/a><\/audio>\n<p>[\/vc_column_text][\/vc_column][vc_column width=\u00a0\u00bb1\/6&Prime;][\/vc_column][\/vc_row][vc_row css_animation=\u00a0\u00bb\u00a0\u00bb row_type=\u00a0\u00bbrow\u00a0\u00bb use_row_as_full_screen_section=\u00a0\u00bbno\u00a0\u00bb type=\u00a0\u00bbfull_width\u00a0\u00bb angled_section=\u00a0\u00bbno\u00a0\u00bb text_align=\u00a0\u00bbleft\u00a0\u00bb background_image_as_pattern=\u00a0\u00bbwithout_pattern\u00a0\u00bb css=\u00a0\u00bb.vc_custom_1545349020018{margin-top: 100px !important;}\u00a0\u00bb z_index=\u00a0\u00bb\u00a0\u00bb][vc_column width=\u00a0\u00bb1\/2&Prime;]<div class='q_team'><div class='q_team_inner'><div class='q_team_image'><img itemprop='image' src='https:\/\/www.kathrinhoeckel.com\/wp-content\/uploads\/2019\/01\/Kathrin_Hoeckel_Adventure_Traillauf.jpg' alt='Kathrin_Hoeckel_Adventure_Traillauf' \/><\/div><div class='q_team_text' ><div class='q_team_text_inner'><div class='q_team_title_holder'><h3 class='q_team_name' style = ''>Trail running en Afrique<\/h3><\/div><\/div><div class='q_team_social_holder'><\/div><\/div><\/div><\/div>[\/vc_column][vc_column width=\u00a0\u00bb1\/2&Prime;]<div class='q_team'><div class='q_team_inner'><div class='q_team_image'><img itemprop='image' src='https:\/\/www.kathrinhoeckel.com\/wp-content\/uploads\/2019\/01\/Kathrin_Hoeckel_Adventure_Transalp.jpg' alt='Kathrin_Hoeckel_Adventure_Transalp' \/><\/div><div class='q_team_text' ><div class='q_team_text_inner'><div class='q_team_title_holder'><h3 class='q_team_name' style = ''>Travers\u00e9e des Alpes<\/h3><\/div><\/div><div class='q_team_social_holder'><\/div><\/div><\/div><\/div>[\/vc_column][\/vc_row][vc_row css_animation=\u00a0\u00bb\u00a0\u00bb row_type=\u00a0\u00bbrow\u00a0\u00bb use_row_as_full_screen_section=\u00a0\u00bbno\u00a0\u00bb type=\u00a0\u00bbfull_width\u00a0\u00bb angled_section=\u00a0\u00bbno\u00a0\u00bb text_align=\u00a0\u00bbleft\u00a0\u00bb background_image_as_pattern=\u00a0\u00bbwithout_pattern\u00a0\u00bb][vc_column width=\u00a0\u00bb1\/2&Prime;]<div class='q_team'><div class='q_team_inner'><div class='q_team_image'><img itemprop='image' src='https:\/\/www.kathrinhoeckel.com\/wp-content\/uploads\/2019\/01\/Kathrin_Hoeckel_Adventure_Skiexpedition_Kanada.jpg' alt='Kathrin_Hoeckel_Adventure_Skiexpedition_Kanada' \/><\/div><div class='q_team_text' ><div class='q_team_text_inner'><div class='q_team_title_holder'><h3 class='q_team_name' style = ''>Exp\u00e9dition de ski au Canada<\/h3><\/div><\/div><div class='q_team_social_holder'><\/div><\/div><\/div><\/div>[\/vc_column][vc_column width=\u00a0\u00bb1\/2&Prime;]<div class='q_team'><div class='q_team_inner'><div class='q_team_image'><img itemprop='image' src='https:\/\/www.kathrinhoeckel.com\/wp-content\/uploads\/2019\/01\/Kathrin_Hoeckel_Adventure_Radtour_USA.jpg' alt='Kathrin_Hoeckel_Adventure_Radtour_USA' \/><\/div><div class='q_team_text' ><div class='q_team_text_inner'><div class='q_team_title_holder'><h3 class='q_team_name' style = ''>Am\u00e9rique d'un oc\u00e9an \u00e0 l'autre<\/h3><\/div><\/div><div class='q_team_social_holder'><\/div><\/div><\/div><\/div>[\/vc_column][\/vc_row][vc_row css_animation=\u00a0\u00bb\u00a0\u00bb row_type=\u00a0\u00bbrow\u00a0\u00bb use_row_as_full_screen_section=\u00a0\u00bbno\u00a0\u00bb type=\u00a0\u00bbfull_width\u00a0\u00bb angled_section=\u00a0\u00bbno\u00a0\u00bb text_align=\u00a0\u00bbleft\u00a0\u00bb background_image_as_pattern=\u00a0\u00bbwithout_pattern\u00a0\u00bb][vc_column width=\u00a0\u00bb1\/2&Prime;]<div class='q_team'><div class='q_team_inner'><div class='q_team_image'><img itemprop='image' src='https:\/\/www.kathrinhoeckel.com\/wp-content\/uploads\/2019\/01\/Kathrin_Hoeckel_Adventure_Radtour_Russland.jpg' alt='Kathrin_Hoeckel_Adventure_Radtour_Russland' \/><\/div><div class='q_team_text' ><div class='q_team_text_inner'><div class='q_team_title_holder'><h3 class='q_team_name' style = ''>A v\u00e9lo \u00e0 travers la Russie<\/h3><\/div><\/div><div class='q_team_social_holder'><\/div><\/div><\/div><\/div>[\/vc_column][vc_column width=\u00a0\u00bb1\/2&Prime;]<div class='q_team'><div class='q_team_inner'><div class='q_team_image'><img itemprop='image' src='https:\/\/www.kathrinhoeckel.com\/wp-content\/uploads\/2019\/01\/Kathrin_Hoeckel_Adventure_Skiexpedition_Svalbard.jpg' alt='Kathrin_Hoeckel_Adventure_Skiexpedition_Svalbard' \/><\/div><div class='q_team_text' ><div class='q_team_text_inner'><div class='q_team_title_holder'><h3 class='q_team_name' style = ''>Exp\u00e9dition de ski au Svalbard<\/h3><\/div><\/div><div class='q_team_social_holder'><\/div><\/div><\/div><\/div>[\/vc_column][\/vc_row][vc_row css_animation=\u00a0\u00bb\u00a0\u00bb row_type=\u00a0\u00bbrow\u00a0\u00bb use_row_as_full_screen_section=\u00a0\u00bbno\u00a0\u00bb type=\u00a0\u00bbfull_width\u00a0\u00bb angled_section=\u00a0\u00bbno\u00a0\u00bb text_align=\u00a0\u00bbleft\u00a0\u00bb background_image_as_pattern=\u00a0\u00bbwithout_pattern\u00a0\u00bb z_index=\u00a0\u00bb\u00a0\u00bb][vc_column][vc_empty_space height=\u00a0\u00bb100px\u00a0\u00bb]<div class='testimonials_c_holder clearfix dark'><div class=\"testimonials_c testimonials_c_carousel\" data-show-navigation=\"yes\" data-animation-speed=\"\" data-auto-rotate-slides=\"3\" data-number-per-slide=\"1\"><ul class=\"slides\"><li id=\"testimonials-c-623\" class=\"testimonial_content\"><div class=\"testimonial_content_inner\"><div class=\"testimonial_text_holder\"><div class=\"testimonial_text_inner\" style=\"\"><p>\"In the ice, nobody can hide his character.\"<\/p><p class=\"testimonial_author\" style=\"\">Geoff Wilson, sportif de l'extr\u00eame<\/p><\/div><\/div><\/div><\/li><\/ul><\/div><\/div>[vc_empty_space height=\u00a0\u00bb100px\u00a0\u00bb][\/vc_column][\/vc_row]<\/p>\n","protected":false},"excerpt":{"rendered":"<p>[vc_row css_animation=\u00a0\u00bb\u00a0\u00bb row_type=\u00a0\u00bbrow\u00a0\u00bb use_row_as_full_screen_section=\u00a0\u00bbno\u00a0\u00bb type=\u00a0\u00bbfull_width\u00a0\u00bb angled_section=\u00a0\u00bbno\u00a0\u00bb text_align=\u00a0\u00bbleft\u00a0\u00bb background_image_as_pattern=\u00a0\u00bbwithout_pattern\u00a0\u00bb z_index=\u00a0\u00bb\u00a0\u00bb el_class=\u00a0\u00bbmargintop100px\u00a0\u00bb][vc_column][vc_column_text] Ma formation continue personnelle [\/vc_column_text][vc_empty_space height=\u00a0\u00bb25px\u00a0\u00bb][vc_column_text] Vivre des situations intenses et r\u00e9fl\u00e9chir l\u00e0-dessus &#8211; c\u2019est mon approche personnelle de formation continue. Le sport dans des conditions extr\u00eames, les voyages et les aventures, passer des mois&#8230;<\/p>\n","protected":false},"author":1,"featured_media":0,"parent":0,"menu_order":40,"comment_status":"closed","ping_status":"closed","template":"","meta":{"footnotes":""},"class_list":["post-613","page","type-page","status-publish","hentry"],"yoast_head":"<!-- This site is optimized with the Yoast SEO plugin v25.9 - https:\/\/yoast.com\/wordpress\/plugins\/seo\/ -->\n<title>Aventure | Kathrin Hoeckel | Engagement pour l&#039;\u00e9ducation<\/title>\n<meta name=\"robots\" content=\"index, follow, max-snippet:-1, max-image-preview:large, max-video-preview:-1\" \/>\n<link rel=\"canonical\" href=\"https:\/\/www.kathrinhoeckel.com\/fr\/aventure\/\" \/>\n<meta property=\"og:locale\" content=\"fr_FR\" \/>\n<meta property=\"og:type\" content=\"article\" \/>\n<meta property=\"og:title\" content=\"Aventure | Kathrin Hoeckel | Engagement pour l&#039;\u00e9ducation\" \/>\n<meta property=\"og:description\" content=\"[vc_row css_animation=\u00a0\u00bb\u00a0\u00bb row_type=\u00a0\u00bbrow\u00a0\u00bb use_row_as_full_screen_section=\u00a0\u00bbno\u00a0\u00bb type=\u00a0\u00bbfull_width\u00a0\u00bb angled_section=\u00a0\u00bbno\u00a0\u00bb text_align=\u00a0\u00bbleft\u00a0\u00bb background_image_as_pattern=\u00a0\u00bbwithout_pattern\u00a0\u00bb z_index=\u00a0\u00bb\u00a0\u00bb el_class=\u00a0\u00bbmargintop100px\u00a0\u00bb][vc_column][vc_column_text] Ma formation continue personnelle [\/vc_column_text][vc_empty_space height=\u00a0\u00bb25px\u00a0\u00bb][vc_column_text] Vivre des situations intenses et r\u00e9fl\u00e9chir l\u00e0-dessus &#8211; c\u2019est mon approche personnelle de formation continue. Le sport dans des conditions extr\u00eames, les voyages et les aventures, passer des mois...\" \/>\n<meta property=\"og:url\" content=\"https:\/\/www.kathrinhoeckel.com\/fr\/aventure\/\" \/>\n<meta property=\"og:site_name\" content=\"Kathrin Hoeckel | Engagement pour l&#039;\u00e9ducation\" \/>\n<meta property=\"article:modified_time\" content=\"2025-06-26T00:14:16+00:00\" \/>\n<meta name=\"twitter:card\" content=\"summary_large_image\" \/>\n<meta name=\"twitter:label1\" content=\"Dur\u00e9e de lecture estim\u00e9e\" \/>\n\t<meta name=\"twitter:data1\" content=\"2 minutes\" \/>\n<script type=\"application\/ld+json\" class=\"yoast-schema-graph\">{\"@context\":\"https:\/\/schema.org\",\"@graph\":[{\"@type\":\"WebPage\",\"@id\":\"https:\/\/www.kathrinhoeckel.com\/fr\/aventure\/\",\"url\":\"https:\/\/www.kathrinhoeckel.com\/fr\/aventure\/\",\"name\":\"Aventure | Kathrin Hoeckel | Engagement pour l&#039;\u00e9ducation\",\"isPartOf\":{\"@id\":\"https:\/\/www.kathrinhoeckel.com\/#website\"},\"datePublished\":\"2018-10-16T14:00:07+00:00\",\"dateModified\":\"2025-06-26T00:14:16+00:00\",\"breadcrumb\":{\"@id\":\"https:\/\/www.kathrinhoeckel.com\/fr\/aventure\/#breadcrumb\"},\"inLanguage\":\"fr-FR\",\"potentialAction\":[{\"@type\":\"ReadAction\",\"target\":[\"https:\/\/www.kathrinhoeckel.com\/fr\/aventure\/\"]}]},{\"@type\":\"BreadcrumbList\",\"@id\":\"https:\/\/www.kathrinhoeckel.com\/fr\/aventure\/#breadcrumb\",\"itemListElement\":[{\"@type\":\"ListItem\",\"position\":1,\"name\":\"Startseite\",\"item\":\"https:\/\/www.kathrinhoeckel.com\/fr\/\"},{\"@type\":\"ListItem\",\"position\":2,\"name\":\"Aventure\"}]},{\"@type\":\"WebSite\",\"@id\":\"https:\/\/www.kathrinhoeckel.com\/#website\",\"url\":\"https:\/\/www.kathrinhoeckel.com\/\",\"name\":\"Kathrin Hoeckel | Engagement pour l&#039;\u00e9ducation\",\"description\":\"\",\"potentialAction\":[{\"@type\":\"SearchAction\",\"target\":{\"@type\":\"EntryPoint\",\"urlTemplate\":\"https:\/\/www.kathrinhoeckel.com\/?s={search_term_string}\"},\"query-input\":{\"@type\":\"PropertyValueSpecification\",\"valueRequired\":true,\"valueName\":\"search_term_string\"}}],\"inLanguage\":\"fr-FR\"}]}<\/script>\n<!-- \/ Yoast SEO plugin. -->","yoast_head_json":{"title":"Aventure | Kathrin Hoeckel | Engagement pour l&#039;\u00e9ducation","robots":{"index":"index","follow":"follow","max-snippet":"max-snippet:-1","max-image-preview":"max-image-preview:large","max-video-preview":"max-video-preview:-1"},"canonical":"https:\/\/www.kathrinhoeckel.com\/fr\/aventure\/","og_locale":"fr_FR","og_type":"article","og_title":"Aventure | Kathrin Hoeckel | Engagement pour l&#039;\u00e9ducation","og_description":"[vc_row css_animation=\u00a0\u00bb\u00a0\u00bb row_type=\u00a0\u00bbrow\u00a0\u00bb use_row_as_full_screen_section=\u00a0\u00bbno\u00a0\u00bb type=\u00a0\u00bbfull_width\u00a0\u00bb angled_section=\u00a0\u00bbno\u00a0\u00bb text_align=\u00a0\u00bbleft\u00a0\u00bb background_image_as_pattern=\u00a0\u00bbwithout_pattern\u00a0\u00bb z_index=\u00a0\u00bb\u00a0\u00bb el_class=\u00a0\u00bbmargintop100px\u00a0\u00bb][vc_column][vc_column_text] Ma formation continue personnelle [\/vc_column_text][vc_empty_space height=\u00a0\u00bb25px\u00a0\u00bb][vc_column_text] Vivre des situations intenses et r\u00e9fl\u00e9chir l\u00e0-dessus &#8211; c\u2019est mon approche personnelle de formation continue. Le sport dans des conditions extr\u00eames, les voyages et les aventures, passer des mois...","og_url":"https:\/\/www.kathrinhoeckel.com\/fr\/aventure\/","og_site_name":"Kathrin Hoeckel | Engagement pour l&#039;\u00e9ducation","article_modified_time":"2025-06-26T00:14:16+00:00","twitter_card":"summary_large_image","twitter_misc":{"Dur\u00e9e de lecture estim\u00e9e":"2 minutes"},"schema":{"@context":"https:\/\/schema.org","@graph":[{"@type":"WebPage","@id":"https:\/\/www.kathrinhoeckel.com\/fr\/aventure\/","url":"https:\/\/www.kathrinhoeckel.com\/fr\/aventure\/","name":"Aventure | Kathrin Hoeckel | Engagement pour l&#039;\u00e9ducation","isPartOf":{"@id":"https:\/\/www.kathrinhoeckel.com\/#website"},"datePublished":"2018-10-16T14:00:07+00:00","dateModified":"2025-06-26T00:14:16+00:00","breadcrumb":{"@id":"https:\/\/www.kathrinhoeckel.com\/fr\/aventure\/#breadcrumb"},"inLanguage":"fr-FR","potentialAction":[{"@type":"ReadAction","target":["https:\/\/www.kathrinhoeckel.com\/fr\/aventure\/"]}]},{"@type":"BreadcrumbList","@id":"https:\/\/www.kathrinhoeckel.com\/fr\/aventure\/#breadcrumb","itemListElement":[{"@type":"ListItem","position":1,"name":"Startseite","item":"https:\/\/www.kathrinhoeckel.com\/fr\/"},{"@type":"ListItem","position":2,"name":"Aventure"}]},{"@type":"WebSite","@id":"https:\/\/www.kathrinhoeckel.com\/#website","url":"https:\/\/www.kathrinhoeckel.com\/","name":"Kathrin Hoeckel | Engagement pour l&#039;\u00e9ducation","description":"","potentialAction":[{"@type":"SearchAction","target":{"@type":"EntryPoint","urlTemplate":"https:\/\/www.kathrinhoeckel.com\/?s={search_term_string}"},"query-input":{"@type":"PropertyValueSpecification","valueRequired":true,"valueName":"search_term_string"}}],"inLanguage":"fr-FR"}]}},"_links":{"self":[{"href":"https:\/\/www.kathrinhoeckel.com\/fr\/wp-json\/wp\/v2\/pages\/613","targetHints":{"allow":["GET"]}}],"collection":[{"href":"https:\/\/www.kathrinhoeckel.com\/fr\/wp-json\/wp\/v2\/pages"}],"about":[{"href":"https:\/\/www.kathrinhoeckel.com\/fr\/wp-json\/wp\/v2\/types\/page"}],"author":[{"embeddable":true,"href":"https:\/\/www.kathrinhoeckel.com\/fr\/wp-json\/wp\/v2\/users\/1"}],"replies":[{"embeddable":true,"href":"https:\/\/www.kathrinhoeckel.com\/fr\/wp-json\/wp\/v2\/comments?post=613"}],"version-history":[{"count":11,"href":"https:\/\/www.kathrinhoeckel.com\/fr\/wp-json\/wp\/v2\/pages\/613\/revisions"}],"predecessor-version":[{"id":616,"href":"https:\/\/www.kathrinhoeckel.com\/fr\/wp-json\/wp\/v2\/pages\/613\/revisions\/616"}],"wp:attachment":[{"href":"https:\/\/www.kathrinhoeckel.com\/fr\/wp-json\/wp\/v2\/media?parent=613"}],"curies":[{"name":"wp","href":"https:\/\/api.w.org\/{rel}","templated":true}]}}