{"id":607,"date":"2018-03-22T12:45:09","date_gmt":"2018-03-22T11:45:09","guid":{"rendered":"http:\/\/www.kathrinhoeckel.com\/portfolio\/"},"modified":"2024-07-30T17:33:09","modified_gmt":"2024-07-30T15:33:09","slug":"portefeuille","status":"publish","type":"page","link":"https:\/\/www.kathrinhoeckel.com\/fr\/portefeuille\/","title":{"rendered":"Portefeuille"},"content":{"rendered":"<p>[vc_row css_animation=\u00a0\u00bb\u00a0\u00bb row_type=\u00a0\u00bbrow\u00a0\u00bb use_row_as_full_screen_section=\u00a0\u00bbno\u00a0\u00bb type=\u00a0\u00bbfull_width\u00a0\u00bb angled_section=\u00a0\u00bbno\u00a0\u00bb text_align=\u00a0\u00bbleft\u00a0\u00bb background_image_as_pattern=\u00a0\u00bbwithout_pattern\u00a0\u00bb z_index=\u00a0\u00bb\u00a0\u00bb el_class=\u00a0\u00bbmargintop100px\u00a0\u00bb css=\u00a0\u00bb.vc_custom_1666297312194{margin-bottom: 25px !important;}\u00a0\u00bb][vc_column][vc_column_text]<\/p>\n<h2 style=\"text-align: center;\">\u00c9ducation transformative<\/h2>\n<p>[\/vc_column_text][vc_empty_space height=\u00a0\u00bb25px\u00a0\u00bb][vc_column_text]<\/p>\n<p style=\"text-align: center;\">L&rsquo;\u00e9ducation est la cl\u00e9 pour une transformation positive. En tant que consultante et auteure, j\u2019y apporte mon expertise, de l&rsquo;\u00e9valuation \u00e0 la conceptualisation des syst\u00e8mes d&rsquo;\u00e9ducation, au d\u00e9veloppement et \u00e0 la mise en \u0153uvre de formats p\u00e9dagogiques.<\/p>\n<p>[\/vc_column_text][\/vc_column][\/vc_row][vc_row css_animation=\u00a0\u00bb\u00a0\u00bb row_type=\u00a0\u00bbrow\u00a0\u00bb use_row_as_full_screen_section=\u00a0\u00bbno\u00a0\u00bb type=\u00a0\u00bbfull_width\u00a0\u00bb angled_section=\u00a0\u00bbno\u00a0\u00bb text_align=\u00a0\u00bbleft\u00a0\u00bb background_image_as_pattern=\u00a0\u00bbwithout_pattern\u00a0\u00bb css=\u00a0\u00bb.vc_custom_1592592577911{margin-bottom: 100px !important;}\u00a0\u00bb z_index=\u00a0\u00bb\u00a0\u00bb][vc_column]<div class=\"qode-accordion-holder clearfix qode-toggle qode-initial \">\n\t<h3 class=\"clearfix qode-title-holder\">\n<span class=\"qode-tab-title\">\n\t    <span class=\"qode-tab-title-inner\">\n        Conseils et strat\u00e9gies    <\/span>\n<\/span>\n<span class=\"qode-accordion-mark\">\n    <span class=\"qode-accordion-mark-icon\">\n        <span class=\"icon_plus\"><\/span>\n        <span class=\"icon_minus-06\"><\/span>\n    <\/span>\n<\/span>\n<\/h3>\n<div  class=\"qode-accordion-content \" style=\"padding: 20px 20px 50px 20px\">\n    <div class=\"qode-accordion-content-inner\">\n        [vc_column_text]Je d\u00e9veloppe des concepts \u00e9ducatifs cr\u00e9atifs adapt\u00e9s aux besoins individuels d\u2019une organisation. Je suis particuli\u00e8rement int\u00e9ress\u00e9e \u00e0 d\u00e9velopper des comp\u00e9tences sociales et \u00e9motionnelles et \u00e0 promouvoir la responsabilit\u00e9 et l&rsquo;engagement par l&rsquo;\u00e9ducation.<\/p>\n<p>&nbsp;<\/p>\n<p>Pour le cabinet d&rsquo;avocats international Hogan Lovells International LLP, j\u2019ai par exemple cr\u00e9\u00e9 une campagne sur le th\u00e8me de la responsabilit\u00e9 sociale des entreprises accompagn\u00e9e d\u2019une s\u00e9rie de courts m\u00e9trages illustrant le processus d&rsquo;apprentissage des comp\u00e9tences sociales par le biais de l&rsquo;engagement des employ\u00e9s.[\/vc_column_text][vc_empty_space height=\u00a0\u00bb25px\u00a0\u00bb][vc_video link=\u00a0\u00bbhttps:\/\/www.youtube.com\/watch?v=GOJMP5nQZsU&amp;list=PLb0IwmfG4xpo_AWl_iua4BwPuBPP3cwxe&amp;index=5&Prime; align=\u00a0\u00bbcenter\u00a0\u00bb][vc_empty_space height=\u00a0\u00bb25px\u00a0\u00bb][vc_column_text]<a href=\"https:\/\/www.hoganlovells.com\/de\/responsible-business\/a-journey-to-social-engagement\" target=\"_blank\" rel=\"noopener noreferrer\">Hogan Lovells Citizenship<\/a>[\/vc_column_text]    <\/div>\n<\/div><h3 class=\"clearfix qode-title-holder\">\n<span class=\"qode-tab-title\">\n\t    <span class=\"qode-tab-title-inner\">\n        Formats p\u00e9dagogiques    <\/span>\n<\/span>\n<span class=\"qode-accordion-mark\">\n    <span class=\"qode-accordion-mark-icon\">\n        <span class=\"icon_plus\"><\/span>\n        <span class=\"icon_minus-06\"><\/span>\n    <\/span>\n<\/span>\n<\/h3>\n<div  class=\"qode-accordion-content \" style=\"padding: 20px 20px 50px 20px\">\n    <div class=\"qode-accordion-content-inner\">\n        [vc_column_text]Je me base sur les r\u00e9sultats de recherche et les m\u00e9thodologies actuelles en mati\u00e8re d&rsquo;apprentissage, d&rsquo;utilisation d\u2019outils en ligne et de design collaboratif et mon exp\u00e9rience dans le d\u00e9veloppement de formats p\u00e9dagogiques de diff\u00e9rents types, y compris la formation en ligne, des jeux \u00e9ducatifs et des applications pour accompagne toutes les phases du projet de la conception jusqu\u2019au contenu de formation.<\/p>\n<p>&nbsp;<\/p>\n<p>Par exemple, pour les infirmi\u00e8res \u00e9trang\u00e8res travaillant en Allemagne, j&rsquo;ai d\u00e9velopp\u00e9 \u00ab\u00a0sprachtalent\u00a0\u00bb, un programme d&rsquo;apprentissage des langues bas\u00e9 sur une application. Les utilisateurs appr\u00e9cient le caract\u00e8re ludique des nouveaux m\u00e9dias ainsi que le contenu pertinent tir\u00e9 directement de la vie quotidienne d\u2019un h\u00f4pital.<\/p>\n<p>&nbsp;<\/p>\n<p><a href=\"https:\/\/www.talentorange.com\/en\/qualification\/for-employers\/technical-language-healthcare\/\" target=\"_blank\" rel=\"noopener noreferrer\">sprachtalent pflege<\/a>[\/vc_column_text]    <\/div>\n<\/div><h3 class=\"clearfix qode-title-holder\">\n<span class=\"qode-tab-title\">\n\t    <span class=\"qode-tab-title-inner\">\n        Analyses sur l\u2019\u00e9ducation    <\/span>\n<\/span>\n<span class=\"qode-accordion-mark\">\n    <span class=\"qode-accordion-mark-icon\">\n        <span class=\"icon_plus\"><\/span>\n        <span class=\"icon_minus-06\"><\/span>\n    <\/span>\n<\/span>\n<\/h3>\n<div  class=\"qode-accordion-content \" style=\"padding: 20px 20px 50px 20px\">\n    <div class=\"qode-accordion-content-inner\">\n        [vc_column_text]Profitant de mon exp\u00e9rience \u00e0 l\u2019OCDE, je conseille des projets d\u2019\u00e9ducation des gouvernements, de la Commission Europ\u00e9enne, ainsi que de fondations et de diverses organisations nationales. Mes analyses sont bas\u00e9es sur des donn\u00e9es et selon les besoins peuvent \u00eatre \u00e9crites d\u2019une mani\u00e8re scientifique ou \u00e9l\u00e9gante et narrative.<\/p>\n<p>&nbsp;<\/p>\n<p>Par exemple, j&rsquo;ai r\u00e9dig\u00e9 une Strat\u00e9gie Nationale sur les Comp\u00e9tences pour le gouvernement des \u00c9mirats Arabes Unis bas\u00e9e sur la Strat\u00e9gie sur les Comp\u00e9tences de l\u2019OCDE que j\u2019avais coordonn\u00e9 auparavant.[\/vc_column_text]    <\/div>\n<\/div><h3 class=\"clearfix qode-title-holder\">\n<span class=\"qode-tab-title\">\n\t    <span class=\"qode-tab-title-inner\">\n        Enseignement    <\/span>\n<\/span>\n<span class=\"qode-accordion-mark\">\n    <span class=\"qode-accordion-mark-icon\">\n        <span class=\"icon_plus\"><\/span>\n        <span class=\"icon_minus-06\"><\/span>\n    <\/span>\n<\/span>\n<\/h3>\n<div  class=\"qode-accordion-content \" style=\"padding: 20px 20px 50px 20px\">\n    <div class=\"qode-accordion-content-inner\">\n        [vc_column_text]Pour les acad\u00e9mies et les \u00e9tablissements d&rsquo;enseignement, je d\u00e9veloppe des concepts de formation et des modules d&rsquo;enseignement. Combinant exp\u00e9riences r\u00e9elles et r\u00e9flexions, les s\u00e9minaires et ateliers ont pour objectif un apprentissage transformateur pour le d\u00e9veloppement de la personnalit\u00e9.<\/p>\n<p>&nbsp;<\/p>\n<p>Dans un atelier exp\u00e9rimental d&rsquo;une semaine bas\u00e9 sur la Theory-U d&rsquo;Otto Scharmer et le concept de la sculpture sociale de l\u2019artiste allemand Joseph Beuys, j&rsquo;ai travaill\u00e9 avec des boursiers de la Fondation allemande pour les \u00e9tudes sur le sujet des changements d&rsquo;attitude dans l&rsquo;\u00e9conomie. Les r\u00e9sultats ont \u00e9t\u00e9 pr\u00e9sent\u00e9s par les \u00e9l\u00e8ves dans une performance impressionnante con\u00e7ue par eux-m\u00eames.[\/vc_column_text]    <\/div>\n<\/div><h3 class=\"clearfix qode-title-holder\">\n<span class=\"qode-tab-title\">\n\t    <span class=\"qode-tab-title-inner\">\n        Conf\u00e9rences &amp; D\u00e9bats    <\/span>\n<\/span>\n<span class=\"qode-accordion-mark\">\n    <span class=\"qode-accordion-mark-icon\">\n        <span class=\"icon_plus\"><\/span>\n        <span class=\"icon_minus-06\"><\/span>\n    <\/span>\n<\/span>\n<\/h3>\n<div  class=\"qode-accordion-content \" style=\"padding: 20px 20px 50px 20px\">\n    <div class=\"qode-accordion-content-inner\">\n        [vc_column_text]Depuis de nombreuses ann\u00e9es, je donne des conf\u00e9rences et des entretiens ou discute de diff\u00e9rents sujets \u00e9ducatifs dans des manifestations et r\u00e9unions diverses.[\/vc_column_text][vc_empty_space height=\u00a0\u00bb25px\u00a0\u00bb][vc_single_image image=\u00a0\u00bb555&Prime; img_size=\u00a0\u00bblarge\u00a0\u00bb qode_css_animation=\u00a0\u00bb\u00a0\u00bb]    <\/div>\n<\/div><\/div>[\/vc_column][\/vc_row]<\/p>\n","protected":false},"excerpt":{"rendered":"<p>[vc_row css_animation=\u00a0\u00bb\u00a0\u00bb row_type=\u00a0\u00bbrow\u00a0\u00bb use_row_as_full_screen_section=\u00a0\u00bbno\u00a0\u00bb type=\u00a0\u00bbfull_width\u00a0\u00bb angled_section=\u00a0\u00bbno\u00a0\u00bb text_align=\u00a0\u00bbleft\u00a0\u00bb background_image_as_pattern=\u00a0\u00bbwithout_pattern\u00a0\u00bb z_index=\u00a0\u00bb\u00a0\u00bb el_class=\u00a0\u00bbmargintop100px\u00a0\u00bb css=\u00a0\u00bb.vc_custom_1666297312194{margin-bottom: 25px !important;}\u00a0\u00bb][vc_column][vc_column_text] \u00c9ducation transformative [\/vc_column_text][vc_empty_space height=\u00a0\u00bb25px\u00a0\u00bb][vc_column_text] L&rsquo;\u00e9ducation est la cl\u00e9 pour une transformation positive. En tant que consultante et auteure, j\u2019y apporte mon expertise, de l&rsquo;\u00e9valuation \u00e0 la conceptualisation des syst\u00e8mes d&rsquo;\u00e9ducation, au d\u00e9veloppement&#8230;<\/p>\n","protected":false},"author":1,"featured_media":0,"parent":0,"menu_order":20,"comment_status":"closed","ping_status":"closed","template":"","meta":{"footnotes":""},"class_list":["post-607","page","type-page","status-publish","hentry"],"yoast_head":"<!-- This site is optimized with the Yoast SEO plugin v25.9 - https:\/\/yoast.com\/wordpress\/plugins\/seo\/ -->\n<title>Portefeuille | Kathrin Hoeckel | Engagement pour l&#039;\u00e9ducation<\/title>\n<meta name=\"robots\" content=\"index, follow, max-snippet:-1, max-image-preview:large, max-video-preview:-1\" \/>\n<link rel=\"canonical\" href=\"https:\/\/www.kathrinhoeckel.com\/fr\/portefeuille\/\" \/>\n<meta property=\"og:locale\" content=\"fr_FR\" \/>\n<meta property=\"og:type\" content=\"article\" \/>\n<meta property=\"og:title\" content=\"Portefeuille | Kathrin Hoeckel | Engagement pour l&#039;\u00e9ducation\" \/>\n<meta property=\"og:description\" content=\"[vc_row css_animation=\u00a0\u00bb\u00a0\u00bb row_type=\u00a0\u00bbrow\u00a0\u00bb use_row_as_full_screen_section=\u00a0\u00bbno\u00a0\u00bb type=\u00a0\u00bbfull_width\u00a0\u00bb angled_section=\u00a0\u00bbno\u00a0\u00bb text_align=\u00a0\u00bbleft\u00a0\u00bb background_image_as_pattern=\u00a0\u00bbwithout_pattern\u00a0\u00bb z_index=\u00a0\u00bb\u00a0\u00bb el_class=\u00a0\u00bbmargintop100px\u00a0\u00bb css=\u00a0\u00bb.vc_custom_1666297312194{margin-bottom: 25px !important;}\u00a0\u00bb][vc_column][vc_column_text] \u00c9ducation transformative [\/vc_column_text][vc_empty_space height=\u00a0\u00bb25px\u00a0\u00bb][vc_column_text] L&rsquo;\u00e9ducation est la cl\u00e9 pour une transformation positive. En tant que consultante et auteure, j\u2019y apporte mon expertise, de l&rsquo;\u00e9valuation \u00e0 la conceptualisation des syst\u00e8mes d&rsquo;\u00e9ducation, au d\u00e9veloppement...\" \/>\n<meta property=\"og:url\" content=\"https:\/\/www.kathrinhoeckel.com\/fr\/portefeuille\/\" \/>\n<meta property=\"og:site_name\" content=\"Kathrin Hoeckel | Engagement pour l&#039;\u00e9ducation\" \/>\n<meta property=\"article:modified_time\" content=\"2024-07-30T15:33:09+00:00\" \/>\n<meta name=\"twitter:card\" content=\"summary_large_image\" \/>\n<meta name=\"twitter:label1\" content=\"Dur\u00e9e de lecture estim\u00e9e\" \/>\n\t<meta name=\"twitter:data1\" content=\"3 minutes\" \/>\n<script type=\"application\/ld+json\" class=\"yoast-schema-graph\">{\"@context\":\"https:\/\/schema.org\",\"@graph\":[{\"@type\":\"WebPage\",\"@id\":\"https:\/\/www.kathrinhoeckel.com\/fr\/portefeuille\/\",\"url\":\"https:\/\/www.kathrinhoeckel.com\/fr\/portefeuille\/\",\"name\":\"Portefeuille | Kathrin Hoeckel | Engagement pour l&#039;\u00e9ducation\",\"isPartOf\":{\"@id\":\"https:\/\/www.kathrinhoeckel.com\/#website\"},\"datePublished\":\"2018-03-22T11:45:09+00:00\",\"dateModified\":\"2024-07-30T15:33:09+00:00\",\"breadcrumb\":{\"@id\":\"https:\/\/www.kathrinhoeckel.com\/fr\/portefeuille\/#breadcrumb\"},\"inLanguage\":\"fr-FR\",\"potentialAction\":[{\"@type\":\"ReadAction\",\"target\":[\"https:\/\/www.kathrinhoeckel.com\/fr\/portefeuille\/\"]}]},{\"@type\":\"BreadcrumbList\",\"@id\":\"https:\/\/www.kathrinhoeckel.com\/fr\/portefeuille\/#breadcrumb\",\"itemListElement\":[{\"@type\":\"ListItem\",\"position\":1,\"name\":\"Startseite\",\"item\":\"https:\/\/www.kathrinhoeckel.com\/fr\/\"},{\"@type\":\"ListItem\",\"position\":2,\"name\":\"Portefeuille\"}]},{\"@type\":\"WebSite\",\"@id\":\"https:\/\/www.kathrinhoeckel.com\/#website\",\"url\":\"https:\/\/www.kathrinhoeckel.com\/\",\"name\":\"Kathrin Hoeckel | Engagement pour l&#039;\u00e9ducation\",\"description\":\"\",\"potentialAction\":[{\"@type\":\"SearchAction\",\"target\":{\"@type\":\"EntryPoint\",\"urlTemplate\":\"https:\/\/www.kathrinhoeckel.com\/?s={search_term_string}\"},\"query-input\":{\"@type\":\"PropertyValueSpecification\",\"valueRequired\":true,\"valueName\":\"search_term_string\"}}],\"inLanguage\":\"fr-FR\"}]}<\/script>\n<!-- \/ Yoast SEO plugin. -->","yoast_head_json":{"title":"Portefeuille | Kathrin Hoeckel | Engagement pour l&#039;\u00e9ducation","robots":{"index":"index","follow":"follow","max-snippet":"max-snippet:-1","max-image-preview":"max-image-preview:large","max-video-preview":"max-video-preview:-1"},"canonical":"https:\/\/www.kathrinhoeckel.com\/fr\/portefeuille\/","og_locale":"fr_FR","og_type":"article","og_title":"Portefeuille | Kathrin Hoeckel | Engagement pour l&#039;\u00e9ducation","og_description":"[vc_row css_animation=\u00a0\u00bb\u00a0\u00bb row_type=\u00a0\u00bbrow\u00a0\u00bb use_row_as_full_screen_section=\u00a0\u00bbno\u00a0\u00bb type=\u00a0\u00bbfull_width\u00a0\u00bb angled_section=\u00a0\u00bbno\u00a0\u00bb text_align=\u00a0\u00bbleft\u00a0\u00bb background_image_as_pattern=\u00a0\u00bbwithout_pattern\u00a0\u00bb z_index=\u00a0\u00bb\u00a0\u00bb el_class=\u00a0\u00bbmargintop100px\u00a0\u00bb css=\u00a0\u00bb.vc_custom_1666297312194{margin-bottom: 25px !important;}\u00a0\u00bb][vc_column][vc_column_text] \u00c9ducation transformative [\/vc_column_text][vc_empty_space height=\u00a0\u00bb25px\u00a0\u00bb][vc_column_text] L&rsquo;\u00e9ducation est la cl\u00e9 pour une transformation positive. En tant que consultante et auteure, j\u2019y apporte mon expertise, de l&rsquo;\u00e9valuation \u00e0 la conceptualisation des syst\u00e8mes d&rsquo;\u00e9ducation, au d\u00e9veloppement...","og_url":"https:\/\/www.kathrinhoeckel.com\/fr\/portefeuille\/","og_site_name":"Kathrin Hoeckel | Engagement pour l&#039;\u00e9ducation","article_modified_time":"2024-07-30T15:33:09+00:00","twitter_card":"summary_large_image","twitter_misc":{"Dur\u00e9e de lecture estim\u00e9e":"3 minutes"},"schema":{"@context":"https:\/\/schema.org","@graph":[{"@type":"WebPage","@id":"https:\/\/www.kathrinhoeckel.com\/fr\/portefeuille\/","url":"https:\/\/www.kathrinhoeckel.com\/fr\/portefeuille\/","name":"Portefeuille | Kathrin Hoeckel | Engagement pour l&#039;\u00e9ducation","isPartOf":{"@id":"https:\/\/www.kathrinhoeckel.com\/#website"},"datePublished":"2018-03-22T11:45:09+00:00","dateModified":"2024-07-30T15:33:09+00:00","breadcrumb":{"@id":"https:\/\/www.kathrinhoeckel.com\/fr\/portefeuille\/#breadcrumb"},"inLanguage":"fr-FR","potentialAction":[{"@type":"ReadAction","target":["https:\/\/www.kathrinhoeckel.com\/fr\/portefeuille\/"]}]},{"@type":"BreadcrumbList","@id":"https:\/\/www.kathrinhoeckel.com\/fr\/portefeuille\/#breadcrumb","itemListElement":[{"@type":"ListItem","position":1,"name":"Startseite","item":"https:\/\/www.kathrinhoeckel.com\/fr\/"},{"@type":"ListItem","position":2,"name":"Portefeuille"}]},{"@type":"WebSite","@id":"https:\/\/www.kathrinhoeckel.com\/#website","url":"https:\/\/www.kathrinhoeckel.com\/","name":"Kathrin Hoeckel | Engagement pour l&#039;\u00e9ducation","description":"","potentialAction":[{"@type":"SearchAction","target":{"@type":"EntryPoint","urlTemplate":"https:\/\/www.kathrinhoeckel.com\/?s={search_term_string}"},"query-input":{"@type":"PropertyValueSpecification","valueRequired":true,"valueName":"search_term_string"}}],"inLanguage":"fr-FR"}]}},"_links":{"self":[{"href":"https:\/\/www.kathrinhoeckel.com\/fr\/wp-json\/wp\/v2\/pages\/607","targetHints":{"allow":["GET"]}}],"collection":[{"href":"https:\/\/www.kathrinhoeckel.com\/fr\/wp-json\/wp\/v2\/pages"}],"about":[{"href":"https:\/\/www.kathrinhoeckel.com\/fr\/wp-json\/wp\/v2\/types\/page"}],"author":[{"embeddable":true,"href":"https:\/\/www.kathrinhoeckel.com\/fr\/wp-json\/wp\/v2\/users\/1"}],"replies":[{"embeddable":true,"href":"https:\/\/www.kathrinhoeckel.com\/fr\/wp-json\/wp\/v2\/comments?post=607"}],"version-history":[{"count":9,"href":"https:\/\/www.kathrinhoeckel.com\/fr\/wp-json\/wp\/v2\/pages\/607\/revisions"}],"predecessor-version":[{"id":1089,"href":"https:\/\/www.kathrinhoeckel.com\/fr\/wp-json\/wp\/v2\/pages\/607\/revisions\/1089"}],"wp:attachment":[{"href":"https:\/\/www.kathrinhoeckel.com\/fr\/wp-json\/wp\/v2\/media?parent=607"}],"curies":[{"name":"wp","href":"https:\/\/api.w.org\/{rel}","templated":true}]}}